{"version":"1.0","provider_name":"","provider_url":"https:\/\/makvilag.cafeblog.hu","author_name":"Kara","author_url":"https:\/\/makvilag.cafeblog.hu\/author\/fki\/","title":"H\u00fasv\u00e9t n\u00e1lunk","html":"Van az a mond\u00e1s, hogy a suszternek sincs j\u00f3 cip\u0151je. Pontosan ez\u00e9rt van az, hogy a kreat\u00edv bloggern\u00e9l sincs igazi h\u00fasv\u00e9ti dekor\u00e1ci\u00f3. Nos \u00e9n ezzel fel is mentettem magam.\r\n\r\nAkartam \u00e9n festegetni sz\u00e9p kis polisztirol tojikat csak nem jutott r\u00e1 id\u0151m, nyugi m\u00e1snak persze k\u00e9sz\u00edtettem h\u00fasv\u00e9ti csecsebecs\u00e9ket, aj\u00e1nd\u00e9knak val\u00f3kat. Igaz\u00e1b\u00f3l r\u00e1 is kellett j\u00f6nn\u00f6m, hogy nem nagyon vannak h\u00fasv\u00e9ti d\u00edszeim amik vannak azokat sem tal\u00e1lom.\r\n\r\n<span style=\"font-size: 16px;line-height: 1.5\">Gondoltam is egy nagyot \u00e9s kb 600 forintot k\u00f6lt\u00f6ttem is re\u00e1juk. Ennyi p\u00e9nz\u00e9rt 3 nyusszancsom lett le\u00e1raz\u00e1s ut\u00e1n a kikb\u0151l. Plusz ha j\u00f3l eml\u00e9kszem 500 volt a csokor barka. Sosem volt m\u00e9g bark\u00e1m sem itthon, mert gyerekk\u00e9nt mikor ment\u00fcnk szedni egy \u00f6reg azt mondta nem szabad \u00e1m bevinni a szob\u00e1ba, mert meghal valaki. \u00dagy betojtam akkor, hogy kedvenc Mamimnak baja eshet, hogy most feln\u0151tt fejjel jutottam el od\u00e1ig, hogy beengedtem egy csokorral. Persze f\u00e9lve, a szemem sark\u00e1b\u00f3l mindig figyelem nem e tesz valami gonoszat. :)<\/span>\r\n\r\nEgy sz\u00f3 mint sz\u00e1z ezek mell\u00e9 keresg\u00e9ltem itthon ezt-azt \u00e9s a kis fel\u00faj\u00edtott szekr\u00e9nyk\u00e9m tetej\u00e9re elk\u00e9sz\u00fclt egy kisebb h\u00fasv\u00e9ti \u00f6\u00f6\u00f6... ak\u00e1rmi. :) Csak egy cseppnyi jelz\u00e9s h\u00fasv\u00e9tra. Ennyi tellett t\u0151lem na. Mutatom is:\r\n\r\n<a href=\"https:\/\/makvilag.cafeblog.hu\/files\/2015\/04\/IMG_20150401_192912.jpg\"><img class=\"aligncenter size-large wp-image-3525\" src=\"https:\/\/makvilag.cafeblog.hu\/files\/2015\/04\/IMG_20150401_192912-600x450.jpg\" alt=\"IMG_20150401_192912\" width=\"600\" height=\"450\" \/><\/a>\r\n\r\n<a href=\"https:\/\/makvilag.cafeblog.hu\/files\/2015\/04\/IMG_20150401_192858.jpg\"><img class=\"aligncenter size-large wp-image-3526\" src=\"https:\/\/makvilag.cafeblog.hu\/files\/2015\/04\/IMG_20150401_192858-600x450.jpg\" alt=\"IMG_20150401_192858\" width=\"600\" height=\"450\" \/><\/a>\r\n\r\n&nbsp;\r\n\r\n<a href=\"https:\/\/makvilag.cafeblog.hu\/files\/2015\/04\/IMG_20150401_192630.jpg\"><img class=\"aligncenter size-large wp-image-3533\" src=\"https:\/\/makvilag.cafeblog.hu\/files\/2015\/04\/IMG_20150401_192630-600x450.jpg\" alt=\"IMG_20150401_192630\" width=\"600\" height=\"450\" \/><\/a>\r\n\r\n<a href=\"https:\/\/makvilag.cafeblog.hu\/files\/2015\/04\/IMG_20150401_192639.jpg\"><img class=\"aligncenter size-large wp-image-3532\" src=\"https:\/\/makvilag.cafeblog.hu\/files\/2015\/04\/IMG_20150401_192639-600x450.jpg\" alt=\"IMG_20150401_192639\" width=\"600\" height=\"450\" \/><\/a>\r\n\r\n<a href=\"https:\/\/makvilag.cafeblog.hu\/files\/2015\/04\/IMG_20150401_192702.jpg\"><img class=\"aligncenter size-large wp-image-3531\" src=\"https:\/\/makvilag.cafeblog.hu\/files\/2015\/04\/IMG_20150401_192702-450x600.jpg\" alt=\"IMG_20150401_192702\" width=\"450\" height=\"600\" \/><\/a>\r\n\r\n<a href=\"https:\/\/makvilag.cafeblog.hu\/files\/2015\/04\/IMG_20150401_192715.jpg\"><img class=\"aligncenter size-large wp-image-3530\" src=\"https:\/\/makvilag.cafeblog.hu\/files\/2015\/04\/IMG_20150401_192715-450x600.jpg\" alt=\"IMG_20150401_192715\" width=\"450\" height=\"600\" \/><\/a>\r\n\r\n<a href=\"https:\/\/makvilag.cafeblog.hu\/files\/2015\/04\/IMG_20150401_192732.jpg\"><img class=\"aligncenter size-large wp-image-3529\" src=\"https:\/\/makvilag.cafeblog.hu\/files\/2015\/04\/IMG_20150401_192732-450x600.jpg\" alt=\"IMG_20150401_192732\" width=\"450\" height=\"600\" \/><\/a>\r\n\r\n<a href=\"https:\/\/makvilag.cafeblog.hu\/files\/2015\/04\/IMG_20150401_192745.jpg\"><img class=\"aligncenter size-large wp-image-3528\" src=\"https:\/\/makvilag.cafeblog.hu\/files\/2015\/04\/IMG_20150401_192745-450x600.jpg\" alt=\"IMG_20150401_192745\" width=\"450\" height=\"600\" \/><\/a>\r\n\r\n<a href=\"https:\/\/makvilag.cafeblog.hu\/files\/2015\/04\/IMG_20150401_1928581.jpg\"><img class=\"aligncenter size-large wp-image-3527\" src=\"https:\/\/makvilag.cafeblog.hu\/files\/2015\/04\/IMG_20150401_1928581-600x450.jpg\" alt=\"IMG_20150401_192858\" width=\"600\" height=\"450\" \/><\/a>\r\n\r\n&nbsp;\r\n\r\nNem kellett meger\u0151ltetnem magam hozz\u00e1 \u00e1m... :)\r\n\r\nTi mennyire dekor\u00e1ltok h\u00fasv\u00e9tra? Van olyan mint a kar\u00e1csony vagy meg sem k\u00f6zel\u00edti?\r\n\r\n&nbsp;\r\n\r\nAmi m\u00e9g fontos lenne. Lesznek kis v\u00e1ltoz\u00e1sok itt a M\u00e1kvil\u00e1gon. Na nem kell megijedni csak szeretn\u00e9k ide is egy kis rendszert vinni mivel a posztok el\u00e9g esetlegesek. Ezzel tal\u00e1n r\u00e1 tudom venni magam, hogy rendszeresen friss\u00fclj\u00f6n a tartalom. Teh\u00e1t j\u00f6v\u0151 h\u00e9tt\u0151l indul a blogszerda \u00e9s blogvas\u00e1rnap azaz a blog maga minden szerd\u00e1n \u00e9s vas\u00e1rnap mutat valami \u00fajat biztosan, illetve a facebook oldalon lesznek r\u00f6videbb posztok, olyan dolgokkal amik nem ki\u00e1ltanak felt\u00e9tlen hosszabb irom\u00e1ny\u00e9rt. Rem\u00e9lem szeretni fogj\u00e1tok.","type":"rich","thumbnail_url":"https:\/\/makvilag.cafeblog.hu\/files\/2015\/04\/IMG_20150401_192702-150x150.jpg","thumbnail_width":150,"thumbnail_height":150}