{"version":"1.0","provider_name":"","provider_url":"https:\/\/makvilag.cafeblog.hu","author_name":"Kara","author_url":"https:\/\/makvilag.cafeblog.hu\/author\/fki\/","title":"Pap\u00edrvir\u00e1g love","html":"<p style=\"text-align: center\">Ma egy v\u00e9gtelen\u00fcl egyszer\u0171 kis tavaszi dekor\u00e1ci\u00f3t k\u00e9sz\u00edtettem. Egyszer\u0171s\u00e9g\u00e9t mi sem bizony\u00edtja jobban, mint hogy az \u00f6tletet kisebbik sr\u00e1com ovis csoportszob\u00e1j\u00e1ban l\u00e1ttam amit persze tov\u00e1bb gondoltam.<\/p>\r\n<p style=\"text-align: center\">Az oviban mesesz\u00e9p, szalv\u00e9t\u00e1b\u00f3l k\u00e9sz\u00fclt, \u00f3ri\u00e1si pap\u00edrvir\u00e1gok l\u00f3gnak a plafonr\u00f3l. Azonnal nyom\u00e1ba is eredtem az elk\u00e9sz\u00edt\u00e9s hogyanj\u00e1nak, amit egy pap\u00edrzsepi seg\u00edts\u00e9g\u00e9vel el is saj\u00e1t\u00edtottam.<\/p>\r\n<p style=\"text-align: center\">Nagyon egyszer\u0171 kis dolog, az interneten is kering t\u00f6bb vari\u00e1ci\u00f3. De ha valakit \u00e9rdekel term\u00e9szetesen k\u00fcl\u00f6n le\u00edrom az elk\u00e9sz\u00edt\u00e9s menet\u00e9t.<\/p>\r\n<p style=\"text-align: center\">Csin\u00e1ltam egy nagy kupac vir\u00e1got, de mivel \u00e9n nem tudom plafonra aggatni m\u00e1sik megold\u00e1s kellett. El\u0151 is kaptam egy agyonhaszn\u00e1lt koszor\u00faalapom \u00e9s r\u00e1k\u00f6t\u00f6ztem \u0151ket, hogy eltakarj\u00e1k az alapot mindenhol.<\/p>\r\n<p style=\"text-align: center\"><a href=\"https:\/\/makvilag.cafeblog.hu\/files\/2014\/03\/Fot\u00f3album.jpg\"><img class=\"aligncenter size-large wp-image-1714\" alt=\"Fot\u00f3album\" src=\"https:\/\/makvilag.cafeblog.hu\/files\/2014\/03\/Fot\u00f3album-600x479.jpg\" width=\"600\" height=\"479\" \/><\/a><\/p>\r\n<p style=\"text-align: center\">De m\u00e9g valami hi\u00e1nyzott... J\u00f6ttem-mentem, n\u00e9zegettem mi kellene m\u00e9g r\u00e1. A nagy tur\u00e1sban r\u00e1 is bukkantam a r\u00e9g elk\u00e9sz\u00edtett csipkenyomatos porcel\u00e1ngyurma sz\u00edvecsk\u00e9kre. Meg van ezek kellettek...<\/p>\r\n<p style=\"text-align: center\">Az eg\u00e9sz elk\u00e9sz\u00edt\u00e9se ha mindent \u00f6sszesz\u00e1molok f\u00e9l \u00e9s h\u00e1romnegyed \u00f3ra k\u00f6z\u00e9 esik, sz\u00f3val -n\u00e9h\u00e1ny szalv\u00e9ta, p\u00e1r szabad perc, egy koszor\u00faalap, n\u00e9mi k\u00f6t\u00f6z\u0151 \u00e9s t\u00e1d\u00e1mmmm...<\/p>\r\n<p style=\"text-align: center\"><a href=\"https:\/\/makvilag.cafeblog.hu\/files\/2014\/03\/WP_001848.jpg\"><img class=\"aligncenter size-large wp-image-1715\" alt=\"WP_001848\" src=\"https:\/\/makvilag.cafeblog.hu\/files\/2014\/03\/WP_001848-450x600.jpg\" width=\"450\" height=\"600\" \/><\/a><\/p>\r\n<p style=\"text-align: center\">Cukker\u00e1j :)<\/p>\r\n<p style=\"text-align: center\">A szekr\u00e9nyben meg majd rendet rakok :)<\/p>","type":"rich"}