{"version":"1.0","provider_name":"","provider_url":"https:\/\/makvilag.cafeblog.hu","author_name":"Kara","author_url":"https:\/\/makvilag.cafeblog.hu\/author\/fki\/","title":"\u00dcvegt\u00e1l d\u00edsz\u00edt\u00e9s","html":"<p style=\"text-align: center\">Mindig, mindig belefutok abba, hogy azt gondolom egyszer\u0171 dolgom lesz, pikk-pakk \u00f6sszerakom amit kital\u00e1ltam. Gondolhatom is hiszen az \u00f6tlet megvan, ecsetekkel tudok b\u00e1nni, fest\u00e9kek, lakkok egy\u00e9b kell\u0151 t\u00fccsk\u00f6k-bogarak kiismerve. Azt\u00e1n persze az elgondol\u00e1snak k\u00f6ze nincs a val\u00f3s\u00e1ghoz.<\/p>\r\n<p style=\"text-align: center\">Na de van egy \u00fcvegt\u00e1lunk ami \u00f6nmag\u00e1ban nem egy \u00e9p\u00fcletes l\u00e1tv\u00e1ny -csics\u00e1zzuk ki. Fontos, hogy fon\u00e1kon dolgozunk, visszafel\u00e9, hisz egy haszn\u00e1lhat\u00f3 t\u00e1rgyat akarunk k\u00e9sz\u00edteni. Teh\u00e1t ebben az esetben az alapoz\u00e1s nem az els\u0151 hanem a befejez\u0151 munkaf\u00e1zis.<\/p>\r\n<p style=\"text-align: center\">\u00cdme alany, itt m\u00e1r farral felfel\u00e9 egy maszkol\u00f3szalaggal lev\u00e1lasztott cs\u00edkkal, mert itt nem lesz minta, \u00e1rnyal\u00e1s.<\/p>\r\n<p style=\"text-align: center\"><a href=\"https:\/\/makvilag.cafeblog.hu\/files\/2014\/03\/WP_001633.jpg\"><img class=\"aligncenter size-large wp-image-1059\" alt=\"WP_001633\" src=\"https:\/\/makvilag.cafeblog.hu\/files\/2014\/03\/WP_001633-600x450.jpg\" width=\"600\" height=\"450\" \/><\/a><\/p>\r\n<p style=\"text-align: center\">A kiv\u00e1lasztott mint\u00e1mhoz feh\u00e9r \u00e9s countryk\u00e9k sz\u00edneket v\u00e1lasztottam (ehhez a k\u00e9khez ha lehetne feles\u00e9g\u00fcl menn\u00e9k :) Fogtam a kis szivacsecsetem \u00e9s sz\u00e9pen le is m\u00e1zoltam vele a lev\u00e1lasztott kis r\u00e9szt.\u00a0 \u00cdgy ni:<\/p>\r\n<p style=\"text-align: center\"><a href=\"https:\/\/makvilag.cafeblog.hu\/files\/2014\/03\/WP_001635.jpg\"><img class=\"aligncenter size-large wp-image-1060\" alt=\"WP_001635\" src=\"https:\/\/makvilag.cafeblog.hu\/files\/2014\/03\/WP_001635-600x450.jpg\" width=\"600\" height=\"450\" \/><\/a><\/p>\r\n<p style=\"text-align: center\">Sz\u00e1rad\u00e1s ut\u00e1n a t\u00e1lat megford\u00edtottam \u00e9s megn\u00e9ztem, hogy hol is legyen rajta a minta<\/p>\r\n<p style=\"text-align: center\"><a href=\"https:\/\/makvilag.cafeblog.hu\/files\/2014\/03\/WP_001637.jpg\"><img class=\"aligncenter size-large wp-image-1061\" alt=\"WP_001637\" src=\"https:\/\/makvilag.cafeblog.hu\/files\/2014\/03\/WP_001637-600x450.jpg\" width=\"600\" height=\"450\" \/><\/a><\/p>\r\n<p style=\"text-align: center\">T\u00e1d\u00e1m \u0151 lesz az. Nagyon kis csini. Minta f\u00e9lre rak m\u00e9g nem kell. Szerettem volna ha kicsit repedezett a fel\u00fclet viszont nem haszn\u00e1ltam repeszt\u0151t se k\u00f6zteset se 2 f\u00e1zis\u00fat se m\u00e1st, egyszer\u0171en csak vastagon lekentem az eg\u00e9sz t\u00e1lat decoupage ragaszt\u00f3val, hiszen a r\u00e1kent fest\u00e9ket az is megrepeszti annyira amennyire nekem kellett. Persze ez nem lesz egyenletes,kisz\u00e1m\u00edthatatlan reped\u00e9s lesz.<\/p>\r\n<p style=\"text-align: center\"><a href=\"https:\/\/makvilag.cafeblog.hu\/files\/2014\/03\/WP_001639.jpg\"><img class=\"aligncenter size-large wp-image-1062\" alt=\"WP_001639\" src=\"https:\/\/makvilag.cafeblog.hu\/files\/2014\/03\/WP_001639-450x600.jpg\" width=\"450\" height=\"600\" \/><\/a><\/p>\r\n<p style=\"text-align: center\">Ilyen feh\u00e9res cs\u00edkos k\u00e9p fogad minket, semmi gond \u00e1tl\u00e1tsz\u00f3 lesz. A gyorsabb sz\u00e1rad\u00e1s \u00e9rdek\u00e9ben bizony neki estem hajsz\u00e1r\u00edt\u00f3val, semmi baja nem lett t\u0151le. Sz\u00e1rad\u00e1s v\u00e9gezt\u00e9vel v\u00e9gre j\u00f6hetett a minta felhelyez\u00e9se sz\u00ednnel lefel\u00e9 ugye, mert a t\u00e1lunk meg van ford\u00edtva ezt ne felejts\u00fck el. Ehhez m\u00e1r csak k\u00f6zvetlen a minta hely\u00e9re kentem ragaszt\u00f3t.<\/p>\r\n<p style=\"text-align: center\"><a href=\"https:\/\/makvilag.cafeblog.hu\/files\/2014\/03\/WP_001640.jpg\"><img class=\"aligncenter size-large wp-image-1063\" alt=\"WP_001640\" src=\"https:\/\/makvilag.cafeblog.hu\/files\/2014\/03\/WP_001640-600x450.jpg\" width=\"600\" height=\"450\" \/><\/a><\/p>\r\n<p style=\"text-align: center\">Igen, ez m\u00e9g biza nem sz\u00e9p. \u00c1tl\u00e1tszik a t\u00e1l, \u00e1tl\u00e1tszik a minta...<\/p>\r\n<p style=\"text-align: center\">Sz\u00e9pen megv\u00e1rjuk a sz\u00e1rad\u00e1st ez id\u0151 alatt felk\u00e9sz\u00fcl\u00fcnk l\u00e9lekben, mivel most j\u00f6n a neheze.<\/p>\r\n<p style=\"text-align: center\">A visszafel\u00e9 t\u00f6rt\u00e9n\u0151 munkafolyamatoknak vannak buktat\u00f3i, ha rontasz nem vagy bizony nehezen lehet jav\u00edtani \u00e9s ha lehet is nem olyan lesz, mint az elk\u00e9pzel\u00e9s. \u00c9n k\u00e9tf\u00e9le sz\u00ednnel dolgoztam, szivaccsal festettem, \u00edgy elker\u00fclhet\u0151 a cs\u00edkoss\u00e1g is. R\u00e1ad\u00e1sul szivaccsal sz\u00e9pen lehet \u00e1rnyalni egyik sz\u00ednb\u0151l \u00e1tmenetet k\u00e9pezni a m\u00e1sikba. N\u00e1lam ez azt jelentette, hogy a t\u00e1ny\u00e9r sz\u00e9l\u00e9n haszn\u00e1lt countryk\u00e9kb\u0151l a sz\u00e9lekt\u0151l haladva a k\u00f6zepe fel\u00e9 a k\u00e9ket folyamatosan vil\u00e1gos\u00edtva eljussak a teljesen feh\u00e9rig. M\u00e1r csak az\u00e9rt is, mivel a minta \u00e1tl\u00e1tsz\u00f3, teh\u00e1t mindenk\u00e9pp kell f\u00f6l\u00e9 a feh\u00e9r amivel visszaadom a sz\u00edn\u00e9t.<\/p>\r\n<p style=\"text-align: center\">Ez neh\u00e9z munka, hiszen ha rontasz az bizony l\u00e1tszani fog, mert amit el\u0151sz\u00f6r kensz az lesz f\u00f6l\u00fcl. De l\u00e1ssuk k\u00e9pekben.<\/p>\r\n<p style=\"text-align: center\"><a href=\"https:\/\/makvilag.cafeblog.hu\/files\/2014\/03\/WP_001642.jpg\"><img class=\"aligncenter size-large wp-image-1064\" alt=\"WP_001642\" src=\"https:\/\/makvilag.cafeblog.hu\/files\/2014\/03\/WP_001642-600x450.jpg\" width=\"600\" height=\"450\" \/><\/a><\/p>\r\n<p style=\"text-align: center\"><a href=\"https:\/\/makvilag.cafeblog.hu\/files\/2014\/03\/WP_001643.jpg\"><img class=\"aligncenter size-large wp-image-1065\" alt=\"WP_001643\" src=\"https:\/\/makvilag.cafeblog.hu\/files\/2014\/03\/WP_001643-600x450.jpg\" width=\"600\" height=\"450\" \/><\/a><\/p>\r\n<p style=\"text-align: center\">A t\u00e1ny\u00e9r sz\u00e9l\u00e9n k\u00f6rbevittem a k\u00e9ket, k\u00edv\u00fclr\u0151l befel\u00e9 haladva addig maszatolva am\u00edg a fest\u00e9k m\u00e1r nem fogott a szivacsomon. Mint l\u00e1tszik nem vakon dolgozom hanem magam fel\u00e9 ford\u00edtom a t\u00e1lat \u00e9s alulr\u00f3l festem, \u00edgy egyb\u0151l l\u00e1tom mi l\u00e1tszik, nem \u00e9r meglepet\u00e9sk\u00e9nt az elk\u00e9sz\u00fclt fest\u00e9s, illetve csak \u00edgy van lehet\u0151s\u00e9g \u00e9szrevenni az esetleges hib\u00e1t.<\/p>\r\n<p style=\"text-align: center\">A 2. k\u00e9pen sz\u00e9pen l\u00e1tszik az \u00e1tmenet ahogy k\u00e9kb\u0151l feh\u00e9r lesz. Ezt \u00fagy lehet el\u00e9rni, hogy el\u0151sz\u00f6r feh\u00e9rbe majd a k\u00e9kbe m\u00e1rtjuk a szivacsot \u00e9s szint\u00e9n kiv\u00fclr\u0151l befel\u00e9 haladva fest\u00fcnk. \u00cdgy el\u0151sz\u00f6r a k\u00e9k ,majd a k\u00e9k feh\u00e9r kever\u00e9ke egyre vil\u00e1gosodva \u00e9s v\u00e9g\u00fcl csak a feh\u00e9r ker\u00fcl le a szivacsunkr\u00f3l ahogy fogy a fest\u00e9k r\u00f3la.\u00a0 Var\u00e1zslat!!! :)<\/p>\r\n<p style=\"text-align: center\"><a href=\"https:\/\/makvilag.cafeblog.hu\/files\/2014\/03\/WP_001646.jpg\"><img class=\"aligncenter size-large wp-image-1066\" alt=\"WP_001646\" src=\"https:\/\/makvilag.cafeblog.hu\/files\/2014\/03\/WP_001646-600x450.jpg\" width=\"600\" height=\"450\" \/><\/a><\/p>\r\n<p style=\"text-align: center\">Az \u00e1rnyal\u00e1s v\u00e9gezt\u00e9vel a t\u00e1l alj\u00e1n ez a l\u00e1tv\u00e1ny fogad. Ha nem ford\u00edtjuk magunkkal szembe \u00e9s dolgozunk \u00fagy az alj\u00e1n akkor most ez lenne l\u00e1that\u00f3 \u00e9s bizony az alja ami nem is fog l\u00e1tszani lenne a sz\u00e9pen \u00e1rnyalt. Na ez\u00e9rt neh\u00e9z feladat ez.<\/p>\r\n<p style=\"text-align: center\">Ha megsz\u00e1radt j\u00f6het az \"alapoz\u00e1s\" :) Adjuk vissza a mint\u00e1nk sz\u00edn\u00e9t.<\/p>\r\n<p style=\"text-align: center\"><a href=\"https:\/\/makvilag.cafeblog.hu\/files\/2014\/03\/WP_001649.jpg\"><img class=\"aligncenter size-large wp-image-1067\" alt=\"WP_001649\" src=\"https:\/\/makvilag.cafeblog.hu\/files\/2014\/03\/WP_001649-450x600.jpg\" width=\"450\" height=\"600\" \/><\/a><\/p>\r\n<p style=\"text-align: center\">Ez n\u00e1lam annyit jelentett, hogy szivaccsal feh\u00e9rre festettem. Majd f\u00e9lretettem, mert meg kellett v\u00e1rni, hogy a felvitt fest\u00e9k megrepedezzen a ragaszt\u00f3t\u00f3l amit az elej\u00e9n felkentem. Nagy v\u00e1rakoz\u00e1somban el is mentem dolgozni :)<\/p>\r\n<p style=\"text-align: center\"><a href=\"https:\/\/makvilag.cafeblog.hu\/files\/2014\/03\/WP_001652.jpg\"><img class=\"aligncenter size-large wp-image-1069\" alt=\"WP_001652\" src=\"https:\/\/makvilag.cafeblog.hu\/files\/2014\/03\/WP_001652-450x600.jpg\" width=\"450\" height=\"600\" \/><\/a><\/p>\r\n<p style=\"text-align: center\">Itt tartunk. Mivel foltos is maradt adtam neki m\u00e9g egy r\u00e9teg feh\u00e9ret \u00e9s hagytam teljesen megsz\u00e1radni, tov\u00e1bb repedezni.<\/p>\r\n<p style=\"text-align: center\">Ezut\u00e1n el\u0151vettem a k\u00e9kem \u00e9s lemaszatoltam, \u00edgy passzol az alja a fels\u0151 r\u00e9sz\u00e9hez illetve a reped\u00e9sekben el\u0151t\u0171nik majd ez a sz\u00edn.<\/p>\r\n<p style=\"text-align: center\"><a href=\"https:\/\/makvilag.cafeblog.hu\/files\/2014\/03\/WP_001686.jpg\"><img class=\"aligncenter size-large wp-image-1070\" alt=\"WP_001686\" src=\"https:\/\/makvilag.cafeblog.hu\/files\/2014\/03\/WP_001686-450x600.jpg\" width=\"450\" height=\"600\" \/><\/a><\/p>\r\n<p style=\"text-align: center\"><a href=\"https:\/\/makvilag.cafeblog.hu\/files\/2014\/03\/WP_001687.jpg\"><img class=\"aligncenter size-large wp-image-1071\" alt=\"WP_001687\" src=\"https:\/\/makvilag.cafeblog.hu\/files\/2014\/03\/WP_001687-450x600.jpg\" width=\"450\" height=\"600\" \/><\/a><\/p>\r\n<p style=\"text-align: center\">Ilyen kis foltoska :)<\/p>\r\n<p style=\"text-align: center\">Persze m\u00e9g nincs k\u00e9sz. Egy lakkr\u00e9teget sz\u00e1nok m\u00e9g r\u00e1, hogy az esetleges s\u00e9r\u00fcl\u00e9sekt\u0151l v\u00e9dje. De miel\u0151tt lakkozn\u00e9k teljes m\u00e9rt\u00e9kig meg kell sz\u00e1radnia. B\u00e1r lakk n\u00e9lk\u00fcl is teljesen haszn\u00e1lhat\u00f3, \u00fcnnepi asztalra is kiv\u00e1l\u00f3 egyedi t\u00e1lunk lett.<\/p>\r\n<p style=\"text-align: center\">Im\u00e1dom:)<\/p>\r\n<p style=\"text-align: center\"><a href=\"https:\/\/makvilag.cafeblog.hu\/files\/2014\/03\/WP_001681.jpg\"><img class=\"aligncenter size-large wp-image-1072\" alt=\"WP_001681\" src=\"https:\/\/makvilag.cafeblog.hu\/files\/2014\/03\/WP_001681-450x600.jpg\" width=\"450\" height=\"600\" \/><\/a><\/p>\r\n<p style=\"text-align: center\"><a href=\"https:\/\/makvilag.cafeblog.hu\/files\/2014\/03\/WP_001705.jpg\"><img class=\"aligncenter size-large wp-image-1073\" alt=\"WP_001705\" src=\"https:\/\/makvilag.cafeblog.hu\/files\/2014\/03\/WP_001705-450x600.jpg\" width=\"450\" height=\"600\" \/><\/a><\/p>\r\n<p style=\"text-align: center\">B\u00edzom benne siker\u00fclt \u00e9rthet\u0151en le\u00edrni az elk\u00e9sz\u00edt\u00e9s mik\u00e9ntj\u00e9t. Ha valami nem vil\u00e1gos k\u00e9rd\u00e9sed hagyd itt lent vagy a facebook-on :)<\/p>\r\n<p style=\"text-align: center\"><\/p>","type":"rich","thumbnail_url":"https:\/\/makvilag.cafeblog.hu\/files\/2014\/03\/WP_001705-150x150.jpg","thumbnail_width":150,"thumbnail_height":150}