{"version":"1.0","provider_name":"","provider_url":"https:\/\/makvilag.cafeblog.hu","author_name":"Kara","author_url":"https:\/\/makvilag.cafeblog.hu\/author\/fki\/","title":"Indul a mandula","html":"Els\u0151 irom\u00e1ny. Hogy mi lesz itt? Jelenleg csak k\u00e1oszt \u00edg\u00e9rhetek.\r\n\r\nLakber blog egy semennyire lakberendez\u0151t\u0151l (3 kateg\u00f3ri\u00e1ba is tehettem volna blogom a fejemben elk\u00e9pzelt tartalom alapj\u00e1n, ez lett azt\u00e1n megl\u00e1tjuk mi lesz t\u00fals\u00falyban), de aggodalomra semmi p\u00e1nik senki lak\u00e1s\u00e1t sem fogom berendezni. Indi\u00e1n- cserk\u00e9sz becssz\u00f3.\r\n\r\nSz\u00f3val mi is lesz itt: shabby, vintage, rusztikus, vid\u00e9ki ... kb. minden gy\u0171jtem\u00e9nye ami tetszik. Itt kapnak helyet saj\u00e1t kis \"alkot\u00e1saim\" k\u00e9sz\u00edt\u00e9si le\u00edr\u00e1ssal h\u00e1tha valakinek \u00e9pp most t\u00e1mad kedve festegetni ragasztgatni. Lesznek vir\u00e1gos bejegyz\u00e9sek hisz a fest\u00e9kek mellett a vir\u00e1gok is im\u00e1datom t\u00e1rgy\u00e1t k\u00e9pezik. \u00c1ll\u00edt\u00f3lag b\u00e1rmit k\u00e9pes vagyok lefesteni vagy vir\u00e1got \u00fcltetni bele. De ezt m\u00e1sok \u00e1ll\u00edtj\u00e1k \u00e9n elhat\u00e1rol\u00f3dom magamt\u00f3l. Bizonygatom, hogy nem, nem vagyok m\u00e1ni\u00e1s.\r\n\r\nEls\u0151re ennyi lettem volna, k\u00f6sz\u00f6n\u00f6m a figyelmet.\r\n\r\n(El sem hiszem, hogy meg\u00edrtam egy bejegyz\u00e9st, v\u00e9rt izzadtam meg minden de innen m\u00e1r csak el\u0151re.) :)\r\n\r\n&nbsp;\r\n\r\n&nbsp;","type":"rich"}